{"id":192,"date":"2022-03-11T08:23:38","date_gmt":"2022-03-11T08:23:38","guid":{"rendered":"http:\/\/forelmur.com\/?page_id=192"},"modified":"2023-11-07T18:44:52","modified_gmt":"2023-11-07T18:44:52","slug":"192-2","status":"publish","type":"page","link":"http:\/\/forelmur.com\/index.php\/192-2\/","title":{"rendered":""},"content":{"rendered":"\n<div class=\"wp-block-cover alignfull\" style=\"min-height:800px\"><span aria-hidden=\"true\" class=\"has-background-dim-60 wp-block-cover__gradient-background has-background-dim\"><\/span><img loading=\"lazy\" decoding=\"async\" width=\"1920\" height=\"1080\" class=\"wp-block-cover__image-background wp-image-193\" alt=\"\" src=\"http:\/\/forelmur.com\/wp-content\/uploads\/2022\/03\/16036_fuster-arquitectos-elche-fachada-iluminacion.jpg\" data-object-fit=\"cover\" srcset=\"http:\/\/forelmur.com\/wp-content\/uploads\/2022\/03\/16036_fuster-arquitectos-elche-fachada-iluminacion.jpg 1920w, http:\/\/forelmur.com\/wp-content\/uploads\/2022\/03\/16036_fuster-arquitectos-elche-fachada-iluminacion-300x169.jpg 300w, http:\/\/forelmur.com\/wp-content\/uploads\/2022\/03\/16036_fuster-arquitectos-elche-fachada-iluminacion-1024x576.jpg 1024w, http:\/\/forelmur.com\/wp-content\/uploads\/2022\/03\/16036_fuster-arquitectos-elche-fachada-iluminacion-768x432.jpg 768w, http:\/\/forelmur.com\/wp-content\/uploads\/2022\/03\/16036_fuster-arquitectos-elche-fachada-iluminacion-1536x864.jpg 1536w\" sizes=\"(max-width: 1920px) 100vw, 1920px\" \/><div class=\"wp-block-cover__inner-container is-layout-flow wp-block-cover-is-layout-flow\">\n<h2 class=\"alignwide has-white-color has-text-color wp-block-heading\" style=\"font-size:clamp(35.2px, 2.2rem + ((1vw - 3.2px) * 3), 64px);\">Edificio Alfonso XII<\/h2>\n\n\n\n<div class=\"wp-block-columns alignwide is-layout-flex wp-container-core-columns-layout-1 wp-block-columns-is-layout-flex\">\n<div class=\"wp-block-column is-layout-flow wp-block-column-is-layout-flow\" style=\"flex-basis:55%\">\n<div style=\"height:330px\" aria-hidden=\"true\" class=\"wp-block-spacer\"><\/div>\n\n\n\n<p class=\"has-white-color has-text-color\" style=\"line-height:1.3\"><em>En el centro hist\u00f3rico de Elche, junto al conocido \u201cPuente de la Virgen\u201d, se cre\u00f3 este magn\u00edfico edificio de 10 viviendas con calidades de primer nivel. Destaca su espectacular fachada a la ladera del R\u00edo Vinalop\u00f3. Este edificio residencial fue seleccionado para la Muestra de Arquitectura Reciente en Alicante 2018-2019 por el Colegio Oficial de Arquitectos de la Comunidad Valenciana en la categor\u00eda de nueva planta.<\/em><\/p>\n<\/div>\n\n\n\n<div class=\"wp-block-column is-layout-flow wp-block-column-is-layout-flow\">\n<div class=\"wp-block-buttons is-layout-flex wp-block-buttons-is-layout-flex\">\n<div class=\"wp-block-button\"><a class=\"wp-block-button__link has-background\" href=\"http:\/\/forelmur.com\/index.php\/300-2\/\" style=\"background-color:#204154\">ver m\u00e1s<\/a><\/div>\n<\/div>\n<\/div>\n<\/div>\n<\/div><\/div>\n\n\n\n<div class=\"wp-block-cover alignfull\" style=\"min-height:800px\"><span aria-hidden=\"true\" class=\"has-background-dim-60 wp-block-cover__gradient-background has-background-dim\"><\/span><img loading=\"lazy\" decoding=\"async\" width=\"1280\" height=\"827\" class=\"wp-block-cover__image-background wp-image-46\" alt=\"\" src=\"http:\/\/forelmur.com\/wp-content\/uploads\/2022\/03\/PHOTO-2020-12-09-18-14-311.jpg\" data-object-fit=\"cover\" srcset=\"http:\/\/forelmur.com\/wp-content\/uploads\/2022\/03\/PHOTO-2020-12-09-18-14-311.jpg 1280w, http:\/\/forelmur.com\/wp-content\/uploads\/2022\/03\/PHOTO-2020-12-09-18-14-311-300x194.jpg 300w, http:\/\/forelmur.com\/wp-content\/uploads\/2022\/03\/PHOTO-2020-12-09-18-14-311-1024x662.jpg 1024w, http:\/\/forelmur.com\/wp-content\/uploads\/2022\/03\/PHOTO-2020-12-09-18-14-311-768x496.jpg 768w\" sizes=\"(max-width: 1280px) 100vw, 1280px\" \/><div class=\"wp-block-cover__inner-container is-layout-flow wp-block-cover-is-layout-flow\">\n<h2 class=\"alignwide has-white-color has-text-color wp-block-heading\" style=\"font-size:clamp(35.2px, 2.2rem + ((1vw - 3.2px) * 3), 64px);\">Edificio Horizonte<\/h2>\n\n\n\n<div class=\"wp-block-columns alignwide is-layout-flex wp-container-core-columns-layout-2 wp-block-columns-is-layout-flex\">\n<div class=\"wp-block-column is-layout-flow wp-block-column-is-layout-flow\" style=\"flex-basis:55%\">\n<div style=\"height:330px\" aria-hidden=\"true\" class=\"wp-block-spacer\"><\/div>\n\n\n\n<p class=\"has-white-color has-text-color\" style=\"line-height:1.3\"><strong>El edificio se encuentra emplazado en la zona norte de la ciudad de Murcia.&nbsp;Se trata de una zona residencial reciente pero consolidada, de amplias avenidas y zonas verdes con juegos infantiles y esparcimiento familiar.<\/strong><\/p>\n<\/div>\n\n\n\n<div class=\"wp-block-column is-layout-flow wp-block-column-is-layout-flow\">\n<div class=\"wp-block-buttons is-layout-flex wp-block-buttons-is-layout-flex\">\n<div class=\"wp-block-button\"><a class=\"wp-block-button__link has-white-color has-text-color has-background\" href=\"https:\/\/edificiohorizontemurcia.com\/\" style=\"background-color:#214c65\" target=\"_blank\" rel=\"noreferrer noopener\">ver m\u00e1s<\/a><\/div>\n<\/div>\n<\/div>\n<\/div>\n<\/div><\/div>\n","protected":false},"excerpt":{"rendered":"","protected":false},"author":1,"featured_media":0,"parent":0,"menu_order":0,"comment_status":"closed","ping_status":"closed","template":"","meta":{"footnotes":""},"_links":{"self":[{"href":"http:\/\/forelmur.com\/index.php\/wp-json\/wp\/v2\/pages\/192"}],"collection":[{"href":"http:\/\/forelmur.com\/index.php\/wp-json\/wp\/v2\/pages"}],"about":[{"href":"http:\/\/forelmur.com\/index.php\/wp-json\/wp\/v2\/types\/page"}],"author":[{"embeddable":true,"href":"http:\/\/forelmur.com\/index.php\/wp-json\/wp\/v2\/users\/1"}],"replies":[{"embeddable":true,"href":"http:\/\/forelmur.com\/index.php\/wp-json\/wp\/v2\/comments?post=192"}],"version-history":[{"count":5,"href":"http:\/\/forelmur.com\/index.php\/wp-json\/wp\/v2\/pages\/192\/revisions"}],"predecessor-version":[{"id":382,"href":"http:\/\/forelmur.com\/index.php\/wp-json\/wp\/v2\/pages\/192\/revisions\/382"}],"wp:attachment":[{"href":"http:\/\/forelmur.com\/index.php\/wp-json\/wp\/v2\/media?parent=192"}],"curies":[{"name":"wp","href":"https:\/\/api.w.org\/{rel}","templated":true}]}}